{"id":602318,"date":"2026-08-19T09:04:11","date_gmt":"2026-08-19T07:04:11","guid":{"rendered":"https:\/\/immocity.lu\/nouveaux-projets-a-vendre-luxembourg\/fort-wedell\/"},"modified":"2026-08-19T10:32:22","modified_gmt":"2026-08-19T08:32:22","slug":"fort-wedell","status":"publish","type":"page","link":"https:\/\/immocity.lu\/fr\/nouveaux-projets-a-vendre-luxembourg\/fort-wedell\/","title":{"rendered":"Fort Wedell"},"content":{"rendered":"\t\t<div data-elementor-type=\"wp-page\" data-elementor-id=\"602318\" class=\"elementor elementor-602318 elementor-602297\" data-elementor-post-type=\"page\">\n\t\t\t\t\t\t<section class=\"elementor-section elementor-top-section elementor-element elementor-element-c6718c5 elementor-section-height-min-height animated-slow elementor-hidden-mobile elementor-section-boxed elementor-section-height-default elementor-section-items-middle wpr-particle-no wpr-jarallax-no wpr-parallax-no wpr-sticky-section-no wpr-equal-height-no elementor-invisible\" data-id=\"c6718c5\" data-element_type=\"section\" data-e-type=\"section\" data-settings=\"{&quot;background_background&quot;:&quot;classic&quot;,&quot;animation&quot;:&quot;fadeIn&quot;}\">\n\t\t\t\t\t\t\t<div class=\"elementor-background-overlay\"><\/div>\n\t\t\t\t\t\t\t<div class=\"elementor-container elementor-column-gap-default\">\n\t\t\t\t\t<div class=\"elementor-column elementor-col-100 elementor-top-column elementor-element elementor-element-5e0bea4\" data-id=\"5e0bea4\" data-element_type=\"column\" data-e-type=\"column\">\n\t\t\t<div class=\"elementor-widget-wrap\">\n\t\t\t\t\t\t\t<\/div>\n\t\t<\/div>\n\t\t\t\t\t<\/div>\n\t\t<\/section>\n\t\t<div class=\"elementor-element elementor-element-25136c1 e-con-full e-flex wpr-particle-no wpr-jarallax-no wpr-parallax-no wpr-sticky-section-no wpr-equal-height-no e-con e-parent\" data-id=\"25136c1\" data-element_type=\"container\" data-e-type=\"container\">\n\t\t<div class=\"elementor-element elementor-element-7753892 e-con-full e-flex wpr-particle-no wpr-jarallax-no wpr-parallax-no wpr-sticky-section-no wpr-equal-height-no e-con e-child\" data-id=\"7753892\" data-element_type=\"container\" data-e-type=\"container\" data-settings=\"{&quot;background_background&quot;:&quot;classic&quot;}\">\n\t\t<div class=\"elementor-element elementor-element-40bd486 e-con-full e-flex wpr-particle-no wpr-jarallax-no wpr-parallax-no wpr-sticky-section-no wpr-equal-height-no e-con e-child\" data-id=\"40bd486\" data-element_type=\"container\" data-e-type=\"container\" id=\"maison-beatrice\" data-settings=\"{&quot;background_background&quot;:&quot;classic&quot;}\">\n\t\t\t\t<\/div>\n\t\t<div class=\"elementor-element elementor-element-48757fb e-con-full e-flex wpr-particle-no wpr-jarallax-no wpr-parallax-no wpr-sticky-section-no wpr-equal-height-no e-con e-child\" data-id=\"48757fb\" data-element_type=\"container\" data-e-type=\"container\" data-settings=\"{&quot;background_background&quot;:&quot;classic&quot;}\">\n\t\t\t\t<div class=\"elementor-element elementor-element-5aec52e elementor-widget elementor-widget-heading\" data-id=\"5aec52e\" data-element_type=\"widget\" data-e-type=\"widget\" data-widget_type=\"heading.default\">\n\t\t\t\t<div class=\"elementor-widget-container\">\n\t\t\t\t\t<h2 class=\"elementor-heading-title elementor-size-default\">DECOUVREZ <br \/>FORT WEDELL<br \/> \u00c0 LUXEMBOURG-GARE<\/h2>\t\t\t\t<\/div>\n\t\t\t\t<\/div>\n\t\t\t\t<\/div>\n\t\t<div class=\"elementor-element elementor-element-bac881a e-con-full e-flex wpr-particle-no wpr-jarallax-no wpr-parallax-no wpr-sticky-section-no wpr-equal-height-no e-con e-child\" data-id=\"bac881a\" data-element_type=\"container\" data-e-type=\"container\" id=\"maison-beatrice\" data-settings=\"{&quot;background_background&quot;:&quot;classic&quot;}\">\n\t\t\t\t<\/div>\n\t\t\t\t<\/div>\n\t\t\t\t<\/div>\n\t\t<div class=\"elementor-element elementor-element-1d52053 e-con-full elementor-hidden-desktop elementor-hidden-tablet elementor-hidden-mobile e-flex wpr-particle-no wpr-jarallax-no wpr-parallax-no wpr-sticky-section-no wpr-equal-height-no e-con e-parent\" data-id=\"1d52053\" data-element_type=\"container\" data-e-type=\"container\">\n\t\t<div class=\"elementor-element elementor-element-4379c21 e-con-full e-flex wpr-particle-no wpr-jarallax-no wpr-parallax-no wpr-sticky-section-no wpr-equal-height-no e-con e-child\" data-id=\"4379c21\" data-element_type=\"container\" data-e-type=\"container\" data-settings=\"{&quot;background_background&quot;:&quot;classic&quot;}\">\n\t\t\t\t<\/div>\n\t\t\t\t<\/div>\n\t\t<div class=\"elementor-element elementor-element-163591b e-con-full e-flex wpr-particle-no wpr-jarallax-no wpr-parallax-no wpr-sticky-section-no wpr-equal-height-no e-con e-parent\" data-id=\"163591b\" data-element_type=\"container\" data-e-type=\"container\">\n\t\t\t\t<div class=\"elementor-element elementor-element-6050347 elementor-widget elementor-widget-houzez_elementor_sort_by\" data-id=\"6050347\" data-element_type=\"widget\" data-e-type=\"widget\" data-widget_type=\"houzez_elementor_sort_by.default\">\n\t\t\t\t<div class=\"elementor-widget-container\">\n\t\t\t\t\t        <div class=\"sort-by\">\n            <div class=\"d-flex align-items-center\">\n                <div class=\"sort-by-title\">\n                    Trier:                <\/div><!-- sort-by-title -->  \n                <select id=\"sort_properties\" class=\"selectpicker form-control bs-select-hidden\" title=\"Ordre par d\u00e9faut\" data-live-search=\"false\" data-dropdown-align-right=\"auto\">\n                    <option value=\"\">Ordre par d\u00e9faut<\/option>\n                    <option  value=\"a_price\">Prix \u200b\u200bcroissant<\/option>\n                    <option  value=\"d_price\">Prix d\u00e9croissant<\/option>\n                    \n                    <option  value=\"featured_first\">Biens en vedette<\/option>\n                    \n                    <option  value=\"a_date\">Anciennet\u00e9<\/option>\n                    <option  value=\"d_date\">Nouveaut\u00e9<\/option>\n                <\/select><!-- selectpicker -->\n            <\/div><!-- d-flex -->\n        <\/div><!-- sort-by -->\n        \t\t\t\t<\/div>\n\t\t\t\t<\/div>\n\t\t\t\t<\/div>\n\t\t<div class=\"elementor-element elementor-element-936b294 e-con-full e-flex wpr-particle-no wpr-jarallax-no wpr-parallax-no wpr-sticky-section-no wpr-equal-height-no e-con e-parent\" data-id=\"936b294\" data-element_type=\"container\" data-e-type=\"container\">\n\t\t\t\t<div class=\"elementor-element elementor-element-a625c2f elementor-widget elementor-widget-houzez_elementor_property-card-v1\" data-id=\"a625c2f\" data-element_type=\"widget\" data-e-type=\"widget\" data-widget_type=\"houzez_elementor_property-card-v1.default\">\n\t\t\t\t<div class=\"elementor-widget-container\">\n\t\t\t\t\t\t\t\r\n\t\t<div id=\"properties_module_section\" class=\"property-cards-module property-cards-module-v1 property-cards-module-3-cols\">\r\n\t\t\t<div id=\"module_properties\" class=\"listing-view grid-view card-deck grid-view-3-cols\">\r\n\t\t\t\t<div class=\"item-listing-wrap hz-item-gallery-js card\" data-hz-id=\"hz-602212\" >\n\t<div class=\"item-wrap item-wrap-v1 item-wrap-no-frame h-100\">\n\t\t<div class=\"d-flex align-items-center h-100\">\n\t\t\t<div class=\"item-header\">\n\t\t\t\t\t\t\t\t\t\t\t\t<ul class=\"item-price-wrap hide-on-list\">\n\t<li class=\"item-price\">993.000\u20ac<\/li><\/ul>\t\t\t\t\t\t\t\t<div class=\"listing-image-wrap\">\n\t<div class=\"listing-thumb\">\n\t\t<a target=_self href=\"https:\/\/immocity.lu\/fr\/property\/projet-neuf-residence-fort-wedell-8\/\" class=\"listing-featured-thumb hover-effect\">\n\t\t\t<img fetchpriority=\"high\" decoding=\"async\" width=\"592\" height=\"444\" src=\"https:\/\/immocity.lu\/wp-content\/uploads\/2026\/09\/319eb380aceb956bcd5914d50759ea3b_8511ed97cb_978-original-592x444.jpg\" class=\"img-fluid wp-post-image\" alt=\"\" srcset=\"https:\/\/immocity.lu\/wp-content\/uploads\/2026\/09\/319eb380aceb956bcd5914d50759ea3b_8511ed97cb_978-original-592x444.jpg 592w, https:\/\/immocity.lu\/wp-content\/uploads\/2026\/09\/319eb380aceb956bcd5914d50759ea3b_8511ed97cb_978-original-584x438.jpg 584w, https:\/\/immocity.lu\/wp-content\/uploads\/2026\/09\/319eb380aceb956bcd5914d50759ea3b_8511ed97cb_978-original-120x90.jpg 120w\" sizes=\"(max-width: 592px) 100vw, 592px\" \/>\t\t<\/a><!-- hover-effect -->\n\t<\/div>\n<\/div>\n\t\t\t\t<div class=\"preview_loader\"><\/div>\n\t\t\t<\/div><!-- item-header -->\t\n\t\t\t<div class=\"item-body flex-grow-1\">\n\t\t\t\t\t\t\t\t<h2 class=\"item-title\">\n\t<a target=_self href=\"https:\/\/immocity.lu\/fr\/property\/projet-neuf-residence-fort-wedell-8\/\">Projet neuf &#8211; R\u00e9sidence Fort WEDELL<\/a>\n<\/h2><!-- item-title -->\t\t\t\t<ul class=\"item-price-wrap hide-on-list\">\n\t<li class=\"item-price\">993.000\u20ac<\/li><\/ul>\t\t\t\t<address class=\"item-address\">2718 Gare Luxembourg<\/address>\t\t\t\t\t\t\t\t<ul class=\"item-amenities item-amenities-with-icons\">\n\t<li class=\"h-beds\"><i class=\"houzez-icon icon-hotel-double-bed-1 mr-1\"><\/i><span class=\"item-amenities-text\">Beds:<\/span> <span class=\"hz-figure\">2<\/span><\/li><li class=\"h-baths\"><i class=\"houzez-icon icon-bathroom-shower-1 mr-1\"><\/i><span class=\"item-amenities-text\">Bath:<\/span> <span class=\"hz-figure\">1<\/span><\/li><li class=\"h-area\"><i class=\"houzez-icon icon-ruler-triangle mr-1\"><\/i><span class=\"hz-figure\">69.19<\/span> <span class=\"hz-figure area_postfix\">m\u00b2<\/span><\/li><li class=\"h-cars\"><i class=\"houzez-icon icon-car-1 mr-1\"><\/i><span class=\"item-amenities-text\">Garage:<\/span> <span class=\"hz-figure\">0<\/span><\/li><li class=\"h-type\"><span>Excellent condition, Penthouse, Penthouse, Vente sur plan<\/span><\/li><\/ul>\t\t\t\t\t\t\t\t\t\t\t\t\t\t\t<\/div><!-- item-body -->\n\n\t\t\t\t\t<\/div><!-- d-flex -->\n\t<\/div><!-- item-wrap -->\n<\/div><!-- item-listing-wrap --><div class=\"item-listing-wrap hz-item-gallery-js card\" data-hz-id=\"hz-602194\" >\n\t<div class=\"item-wrap item-wrap-v1 item-wrap-no-frame h-100\">\n\t\t<div class=\"d-flex align-items-center h-100\">\n\t\t\t<div class=\"item-header\">\n\t\t\t\t\t\t\t\t\t\t\t\t<ul class=\"item-price-wrap hide-on-list\">\n\t<li class=\"item-price\">984.000\u20ac<\/li><\/ul>\t\t\t\t\t\t\t\t<div class=\"listing-image-wrap\">\n\t<div class=\"listing-thumb\">\n\t\t<a target=_self href=\"https:\/\/immocity.lu\/fr\/property\/projet-neuf-residence-fort-wedell-2\/\" class=\"listing-featured-thumb hover-effect\">\n\t\t\t<img fetchpriority=\"high\" decoding=\"async\" width=\"592\" height=\"444\" src=\"https:\/\/immocity.lu\/wp-content\/uploads\/2026\/09\/319eb380aceb956bcd5914d50759ea3b_8511ed97cb_978-original-592x444.jpg\" class=\"img-fluid wp-post-image\" alt=\"\" srcset=\"https:\/\/immocity.lu\/wp-content\/uploads\/2026\/09\/319eb380aceb956bcd5914d50759ea3b_8511ed97cb_978-original-592x444.jpg 592w, https:\/\/immocity.lu\/wp-content\/uploads\/2026\/09\/319eb380aceb956bcd5914d50759ea3b_8511ed97cb_978-original-584x438.jpg 584w, https:\/\/immocity.lu\/wp-content\/uploads\/2026\/09\/319eb380aceb956bcd5914d50759ea3b_8511ed97cb_978-original-120x90.jpg 120w\" sizes=\"(max-width: 592px) 100vw, 592px\" \/>\t\t<\/a><!-- hover-effect -->\n\t<\/div>\n<\/div>\n\t\t\t\t<div class=\"preview_loader\"><\/div>\n\t\t\t<\/div><!-- item-header -->\t\n\t\t\t<div class=\"item-body flex-grow-1\">\n\t\t\t\t\t\t\t\t<h2 class=\"item-title\">\n\t<a target=_self href=\"https:\/\/immocity.lu\/fr\/property\/projet-neuf-residence-fort-wedell-2\/\">Projet neuf &#8211; R\u00e9sidence Fort WEDELL<\/a>\n<\/h2><!-- item-title -->\t\t\t\t<ul class=\"item-price-wrap hide-on-list\">\n\t<li class=\"item-price\">984.000\u20ac<\/li><\/ul>\t\t\t\t<address class=\"item-address\">2718 Gare Luxembourg<\/address>\t\t\t\t\t\t\t\t<ul class=\"item-amenities item-amenities-with-icons\">\n\t<li class=\"h-beds\"><i class=\"houzez-icon icon-hotel-double-bed-1 mr-1\"><\/i><span class=\"item-amenities-text\">Beds:<\/span> <span class=\"hz-figure\">2<\/span><\/li><li class=\"h-baths\"><i class=\"houzez-icon icon-bathroom-shower-1 mr-1\"><\/i><span class=\"item-amenities-text\">Bath:<\/span> <span class=\"hz-figure\">1<\/span><\/li><li class=\"h-area\"><i class=\"houzez-icon icon-ruler-triangle mr-1\"><\/i><span class=\"hz-figure\">74.7<\/span> <span class=\"hz-figure area_postfix\">m\u00b2<\/span><\/li><li class=\"h-cars\"><i class=\"houzez-icon icon-car-1 mr-1\"><\/i><span class=\"item-amenities-text\">Garage:<\/span> <span class=\"hz-figure\">0<\/span><\/li><li class=\"h-type\"><span>Appartement, Excellent condition, Vente sur plan<\/span><\/li><\/ul>\t\t\t\t\t\t\t\t\t\t\t\t\t\t\t<\/div><!-- item-body -->\n\n\t\t\t\t\t<\/div><!-- d-flex -->\n\t<\/div><!-- item-wrap -->\n<\/div><!-- item-listing-wrap --><div class=\"item-listing-wrap hz-item-gallery-js card\" data-hz-id=\"hz-602191\" >\n\t<div class=\"item-wrap item-wrap-v1 item-wrap-no-frame h-100\">\n\t\t<div class=\"d-flex align-items-center h-100\">\n\t\t\t<div class=\"item-header\">\n\t\t\t\t\t\t\t\t\t\t\t\t<ul class=\"item-price-wrap hide-on-list\">\n\t<li class=\"item-price\">961.000\u20ac<\/li><\/ul>\t\t\t\t\t\t\t\t<div class=\"listing-image-wrap\">\n\t<div class=\"listing-thumb\">\n\t\t<a target=_self href=\"https:\/\/immocity.lu\/fr\/property\/projet-neuf-residence-fort-wedell\/\" class=\"listing-featured-thumb hover-effect\">\n\t\t\t<img fetchpriority=\"high\" decoding=\"async\" width=\"592\" height=\"444\" src=\"https:\/\/immocity.lu\/wp-content\/uploads\/2026\/09\/319eb380aceb956bcd5914d50759ea3b_8511ed97cb_978-original-592x444.jpg\" class=\"img-fluid wp-post-image\" alt=\"\" srcset=\"https:\/\/immocity.lu\/wp-content\/uploads\/2026\/09\/319eb380aceb956bcd5914d50759ea3b_8511ed97cb_978-original-592x444.jpg 592w, https:\/\/immocity.lu\/wp-content\/uploads\/2026\/09\/319eb380aceb956bcd5914d50759ea3b_8511ed97cb_978-original-584x438.jpg 584w, https:\/\/immocity.lu\/wp-content\/uploads\/2026\/09\/319eb380aceb956bcd5914d50759ea3b_8511ed97cb_978-original-120x90.jpg 120w\" sizes=\"(max-width: 592px) 100vw, 592px\" \/>\t\t<\/a><!-- hover-effect -->\n\t<\/div>\n<\/div>\n\t\t\t\t<div class=\"preview_loader\"><\/div>\n\t\t\t<\/div><!-- item-header -->\t\n\t\t\t<div class=\"item-body flex-grow-1\">\n\t\t\t\t\t\t\t\t<h2 class=\"item-title\">\n\t<a target=_self href=\"https:\/\/immocity.lu\/fr\/property\/projet-neuf-residence-fort-wedell\/\">Projet neuf &#8211; R\u00e9sidence Fort WEDELL<\/a>\n<\/h2><!-- item-title -->\t\t\t\t<ul class=\"item-price-wrap hide-on-list\">\n\t<li class=\"item-price\">961.000\u20ac<\/li><\/ul>\t\t\t\t<address class=\"item-address\">2718 Gare Luxembourg<\/address>\t\t\t\t\t\t\t\t<ul class=\"item-amenities item-amenities-with-icons\">\n\t<li class=\"h-beds\"><i class=\"houzez-icon icon-hotel-double-bed-1 mr-1\"><\/i><span class=\"item-amenities-text\">Beds:<\/span> <span class=\"hz-figure\">2<\/span><\/li><li class=\"h-baths\"><i class=\"houzez-icon icon-bathroom-shower-1 mr-1\"><\/i><span class=\"item-amenities-text\">Bath:<\/span> <span class=\"hz-figure\">1<\/span><\/li><li class=\"h-area\"><i class=\"houzez-icon icon-ruler-triangle mr-1\"><\/i><span class=\"hz-figure\">80.82<\/span> <span class=\"hz-figure area_postfix\">m\u00b2<\/span><\/li><li class=\"h-cars\"><i class=\"houzez-icon icon-car-1 mr-1\"><\/i><span class=\"item-amenities-text\">Garage:<\/span> <span class=\"hz-figure\">0<\/span><\/li><li class=\"h-type\"><span>Appartement, Excellent condition, Vente sur plan<\/span><\/li><\/ul>\t\t\t\t\t\t\t\t\t\t\t\t\t\t\t<\/div><!-- item-body -->\n\n\t\t\t\t\t<\/div><!-- d-flex -->\n\t<\/div><!-- item-wrap -->\n<\/div><!-- item-listing-wrap --><div class=\"item-listing-wrap hz-item-gallery-js card\" data-hz-id=\"hz-602200\" >\n\t<div class=\"item-wrap item-wrap-v1 item-wrap-no-frame h-100\">\n\t\t<div class=\"d-flex align-items-center h-100\">\n\t\t\t<div class=\"item-header\">\n\t\t\t\t\t\t\t\t\t\t\t\t<ul class=\"item-price-wrap hide-on-list\">\n\t<li class=\"item-price\">943.000\u20ac<\/li><\/ul>\t\t\t\t\t\t\t\t<div class=\"listing-image-wrap\">\n\t<div class=\"listing-thumb\">\n\t\t<a target=_self href=\"https:\/\/immocity.lu\/fr\/property\/projet-neuf-residence-fort-wedell-4\/\" class=\"listing-featured-thumb hover-effect\">\n\t\t\t<img fetchpriority=\"high\" decoding=\"async\" width=\"592\" height=\"444\" src=\"https:\/\/immocity.lu\/wp-content\/uploads\/2026\/09\/319eb380aceb956bcd5914d50759ea3b_8511ed97cb_978-original-592x444.jpg\" class=\"img-fluid wp-post-image\" alt=\"\" srcset=\"https:\/\/immocity.lu\/wp-content\/uploads\/2026\/09\/319eb380aceb956bcd5914d50759ea3b_8511ed97cb_978-original-592x444.jpg 592w, https:\/\/immocity.lu\/wp-content\/uploads\/2026\/09\/319eb380aceb956bcd5914d50759ea3b_8511ed97cb_978-original-584x438.jpg 584w, https:\/\/immocity.lu\/wp-content\/uploads\/2026\/09\/319eb380aceb956bcd5914d50759ea3b_8511ed97cb_978-original-120x90.jpg 120w\" sizes=\"(max-width: 592px) 100vw, 592px\" \/>\t\t<\/a><!-- hover-effect -->\n\t<\/div>\n<\/div>\n\t\t\t\t<div class=\"preview_loader\"><\/div>\n\t\t\t<\/div><!-- item-header -->\t\n\t\t\t<div class=\"item-body flex-grow-1\">\n\t\t\t\t\t\t\t\t<h2 class=\"item-title\">\n\t<a target=_self href=\"https:\/\/immocity.lu\/fr\/property\/projet-neuf-residence-fort-wedell-4\/\">Projet neuf &#8211; R\u00e9sidence Fort WEDELL<\/a>\n<\/h2><!-- item-title -->\t\t\t\t<ul class=\"item-price-wrap hide-on-list\">\n\t<li class=\"item-price\">943.000\u20ac<\/li><\/ul>\t\t\t\t<address class=\"item-address\">2718 Gare Luxembourg<\/address>\t\t\t\t\t\t\t\t<ul class=\"item-amenities item-amenities-with-icons\">\n\t<li class=\"h-beds\"><i class=\"houzez-icon icon-hotel-double-bed-1 mr-1\"><\/i><span class=\"item-amenities-text\">Beds:<\/span> <span class=\"hz-figure\">2<\/span><\/li><li class=\"h-baths\"><i class=\"houzez-icon icon-bathroom-shower-1 mr-1\"><\/i><span class=\"item-amenities-text\">Bath:<\/span> <span class=\"hz-figure\">1<\/span><\/li><li class=\"h-area\"><i class=\"houzez-icon icon-ruler-triangle mr-1\"><\/i><span class=\"hz-figure\">79.58<\/span> <span class=\"hz-figure area_postfix\">m\u00b2<\/span><\/li><li class=\"h-cars\"><i class=\"houzez-icon icon-car-1 mr-1\"><\/i><span class=\"item-amenities-text\">Garage:<\/span> <span class=\"hz-figure\">0<\/span><\/li><li class=\"h-type\"><span>Appartement, Excellent condition, Vente sur plan<\/span><\/li><\/ul>\t\t\t\t\t\t\t\t\t\t\t\t\t\t\t<\/div><!-- item-body -->\n\n\t\t\t\t\t<\/div><!-- d-flex -->\n\t<\/div><!-- item-wrap -->\n<\/div><!-- item-listing-wrap --><div class=\"item-listing-wrap hz-item-gallery-js card\" data-hz-id=\"hz-602209\" >\n\t<div class=\"item-wrap item-wrap-v1 item-wrap-no-frame h-100\">\n\t\t<div class=\"d-flex align-items-center h-100\">\n\t\t\t<div class=\"item-header\">\n\t\t\t\t\t\t\t\t\t\t\t\t<ul class=\"item-price-wrap hide-on-list\">\n\t<li class=\"item-price\">939.500\u20ac<\/li><\/ul>\t\t\t\t\t\t\t\t<div class=\"listing-image-wrap\">\n\t<div class=\"listing-thumb\">\n\t\t<a target=_self href=\"https:\/\/immocity.lu\/fr\/property\/projet-neuf-residence-fort-wedell-7\/\" class=\"listing-featured-thumb hover-effect\">\n\t\t\t<img fetchpriority=\"high\" decoding=\"async\" width=\"592\" height=\"444\" src=\"https:\/\/immocity.lu\/wp-content\/uploads\/2026\/09\/319eb380aceb956bcd5914d50759ea3b_8511ed97cb_978-original-592x444.jpg\" class=\"img-fluid wp-post-image\" alt=\"\" srcset=\"https:\/\/immocity.lu\/wp-content\/uploads\/2026\/09\/319eb380aceb956bcd5914d50759ea3b_8511ed97cb_978-original-592x444.jpg 592w, https:\/\/immocity.lu\/wp-content\/uploads\/2026\/09\/319eb380aceb956bcd5914d50759ea3b_8511ed97cb_978-original-584x438.jpg 584w, https:\/\/immocity.lu\/wp-content\/uploads\/2026\/09\/319eb380aceb956bcd5914d50759ea3b_8511ed97cb_978-original-120x90.jpg 120w\" sizes=\"(max-width: 592px) 100vw, 592px\" \/>\t\t<\/a><!-- hover-effect -->\n\t<\/div>\n<\/div>\n\t\t\t\t<div class=\"preview_loader\"><\/div>\n\t\t\t<\/div><!-- item-header -->\t\n\t\t\t<div class=\"item-body flex-grow-1\">\n\t\t\t\t\t\t\t\t<h2 class=\"item-title\">\n\t<a target=_self href=\"https:\/\/immocity.lu\/fr\/property\/projet-neuf-residence-fort-wedell-7\/\">Projet neuf &#8211; R\u00e9sidence Fort WEDELL<\/a>\n<\/h2><!-- item-title -->\t\t\t\t<ul class=\"item-price-wrap hide-on-list\">\n\t<li class=\"item-price\">939.500\u20ac<\/li><\/ul>\t\t\t\t<address class=\"item-address\">2718 Gare Luxembourg<\/address>\t\t\t\t\t\t\t\t<ul class=\"item-amenities item-amenities-with-icons\">\n\t<li class=\"h-beds\"><i class=\"houzez-icon icon-hotel-double-bed-1 mr-1\"><\/i><span class=\"item-amenities-text\">Beds:<\/span> <span class=\"hz-figure\">2<\/span><\/li><li class=\"h-baths\"><i class=\"houzez-icon icon-bathroom-shower-1 mr-1\"><\/i><span class=\"item-amenities-text\">Bath:<\/span> <span class=\"hz-figure\">1<\/span><\/li><li class=\"h-area\"><i class=\"houzez-icon icon-ruler-triangle mr-1\"><\/i><span class=\"hz-figure\">74.57<\/span> <span class=\"hz-figure area_postfix\">m\u00b2<\/span><\/li><li class=\"h-cars\"><i class=\"houzez-icon icon-car-1 mr-1\"><\/i><span class=\"item-amenities-text\">Garage:<\/span> <span class=\"hz-figure\">0<\/span><\/li><li class=\"h-type\"><span>Appartement, Excellent condition, Vente sur plan<\/span><\/li><\/ul>\t\t\t\t\t\t\t\t\t\t\t\t\t\t\t<\/div><!-- item-body -->\n\n\t\t\t\t\t<\/div><!-- d-flex -->\n\t<\/div><!-- item-wrap -->\n<\/div><!-- item-listing-wrap --><div class=\"item-listing-wrap hz-item-gallery-js card\" data-hz-id=\"hz-602206\" >\n\t<div class=\"item-wrap item-wrap-v1 item-wrap-no-frame h-100\">\n\t\t<div class=\"d-flex align-items-center h-100\">\n\t\t\t<div class=\"item-header\">\n\t\t\t\t\t\t\t\t\t\t\t\t<ul class=\"item-price-wrap hide-on-list\">\n\t<li class=\"item-price\">918.000\u20ac<\/li><\/ul>\t\t\t\t\t\t\t\t<div class=\"listing-image-wrap\">\n\t<div class=\"listing-thumb\">\n\t\t<a target=_self href=\"https:\/\/immocity.lu\/fr\/property\/projet-neuf-residence-fort-wedell-6\/\" class=\"listing-featured-thumb hover-effect\">\n\t\t\t<img fetchpriority=\"high\" decoding=\"async\" width=\"592\" height=\"444\" src=\"https:\/\/immocity.lu\/wp-content\/uploads\/2026\/09\/319eb380aceb956bcd5914d50759ea3b_8511ed97cb_978-original-592x444.jpg\" class=\"img-fluid wp-post-image\" alt=\"\" srcset=\"https:\/\/immocity.lu\/wp-content\/uploads\/2026\/09\/319eb380aceb956bcd5914d50759ea3b_8511ed97cb_978-original-592x444.jpg 592w, https:\/\/immocity.lu\/wp-content\/uploads\/2026\/09\/319eb380aceb956bcd5914d50759ea3b_8511ed97cb_978-original-584x438.jpg 584w, https:\/\/immocity.lu\/wp-content\/uploads\/2026\/09\/319eb380aceb956bcd5914d50759ea3b_8511ed97cb_978-original-120x90.jpg 120w\" sizes=\"(max-width: 592px) 100vw, 592px\" \/>\t\t<\/a><!-- hover-effect -->\n\t<\/div>\n<\/div>\n\t\t\t\t<div class=\"preview_loader\"><\/div>\n\t\t\t<\/div><!-- item-header -->\t\n\t\t\t<div class=\"item-body flex-grow-1\">\n\t\t\t\t\t\t\t\t<h2 class=\"item-title\">\n\t<a target=_self href=\"https:\/\/immocity.lu\/fr\/property\/projet-neuf-residence-fort-wedell-6\/\">Projet neuf &#8211; R\u00e9sidence Fort WEDELL<\/a>\n<\/h2><!-- item-title -->\t\t\t\t<ul class=\"item-price-wrap hide-on-list\">\n\t<li class=\"item-price\">918.000\u20ac<\/li><\/ul>\t\t\t\t<address class=\"item-address\">2718 Gare Luxembourg<\/address>\t\t\t\t\t\t\t\t<ul class=\"item-amenities item-amenities-with-icons\">\n\t<li class=\"h-beds\"><i class=\"houzez-icon icon-hotel-double-bed-1 mr-1\"><\/i><span class=\"item-amenities-text\">Beds:<\/span> <span class=\"hz-figure\">2<\/span><\/li><li class=\"h-baths\"><i class=\"houzez-icon icon-bathroom-shower-1 mr-1\"><\/i><span class=\"item-amenities-text\">Bath:<\/span> <span class=\"hz-figure\">1<\/span><\/li><li class=\"h-area\"><i class=\"houzez-icon icon-ruler-triangle mr-1\"><\/i><span class=\"hz-figure\">70.99<\/span> <span class=\"hz-figure area_postfix\">m\u00b2<\/span><\/li><li class=\"h-cars\"><i class=\"houzez-icon icon-car-1 mr-1\"><\/i><span class=\"item-amenities-text\">Garage:<\/span> <span class=\"hz-figure\">0<\/span><\/li><li class=\"h-type\"><span>Appartement, Excellent condition, Vente sur plan<\/span><\/li><\/ul>\t\t\t\t\t\t\t\t\t\t\t\t\t\t\t<\/div><!-- item-body -->\n\n\t\t\t\t\t<\/div><!-- d-flex -->\n\t<\/div><!-- item-wrap -->\n<\/div><!-- item-listing-wrap --><div class=\"item-listing-wrap hz-item-gallery-js card\" data-hz-id=\"hz-602203\" >\n\t<div class=\"item-wrap item-wrap-v1 item-wrap-no-frame h-100\">\n\t\t<div class=\"d-flex align-items-center h-100\">\n\t\t\t<div class=\"item-header\">\n\t\t\t\t\t\t\t\t\t\t\t\t<ul class=\"item-price-wrap hide-on-list\">\n\t<li class=\"item-price\">850.500\u20ac<\/li><\/ul>\t\t\t\t\t\t\t\t<div class=\"listing-image-wrap\">\n\t<div class=\"listing-thumb\">\n\t\t<a target=_self href=\"https:\/\/immocity.lu\/fr\/property\/projet-neuf-residence-fort-wedell-5\/\" class=\"listing-featured-thumb hover-effect\">\n\t\t\t<img fetchpriority=\"high\" decoding=\"async\" width=\"592\" height=\"444\" src=\"https:\/\/immocity.lu\/wp-content\/uploads\/2026\/09\/319eb380aceb956bcd5914d50759ea3b_8511ed97cb_978-original-592x444.jpg\" class=\"img-fluid wp-post-image\" alt=\"\" srcset=\"https:\/\/immocity.lu\/wp-content\/uploads\/2026\/09\/319eb380aceb956bcd5914d50759ea3b_8511ed97cb_978-original-592x444.jpg 592w, https:\/\/immocity.lu\/wp-content\/uploads\/2026\/09\/319eb380aceb956bcd5914d50759ea3b_8511ed97cb_978-original-584x438.jpg 584w, https:\/\/immocity.lu\/wp-content\/uploads\/2026\/09\/319eb380aceb956bcd5914d50759ea3b_8511ed97cb_978-original-120x90.jpg 120w\" sizes=\"(max-width: 592px) 100vw, 592px\" \/>\t\t<\/a><!-- hover-effect -->\n\t<\/div>\n<\/div>\n\t\t\t\t<div class=\"preview_loader\"><\/div>\n\t\t\t<\/div><!-- item-header -->\t\n\t\t\t<div class=\"item-body flex-grow-1\">\n\t\t\t\t\t\t\t\t<h2 class=\"item-title\">\n\t<a target=_self href=\"https:\/\/immocity.lu\/fr\/property\/projet-neuf-residence-fort-wedell-5\/\">Projet neuf &#8211; R\u00e9sidence Fort WEDELL<\/a>\n<\/h2><!-- item-title -->\t\t\t\t<ul class=\"item-price-wrap hide-on-list\">\n\t<li class=\"item-price\">850.500\u20ac<\/li><\/ul>\t\t\t\t<address class=\"item-address\">2718 Gare Luxembourg<\/address>\t\t\t\t\t\t\t\t<ul class=\"item-amenities item-amenities-with-icons\">\n\t<li class=\"h-beds\"><i class=\"houzez-icon icon-hotel-double-bed-1 mr-1\"><\/i><span class=\"item-amenities-text\">Beds:<\/span> <span class=\"hz-figure\">2<\/span><\/li><li class=\"h-baths\"><i class=\"houzez-icon icon-bathroom-shower-1 mr-1\"><\/i><span class=\"item-amenities-text\">Bath:<\/span> <span class=\"hz-figure\">1<\/span><\/li><li class=\"h-area\"><i class=\"houzez-icon icon-ruler-triangle mr-1\"><\/i><span class=\"hz-figure\">67.87<\/span> <span class=\"hz-figure area_postfix\">m\u00b2<\/span><\/li><li class=\"h-cars\"><i class=\"houzez-icon icon-car-1 mr-1\"><\/i><span class=\"item-amenities-text\">Garage:<\/span> <span class=\"hz-figure\">0<\/span><\/li><li class=\"h-type\"><span>Appartement, Excellent condition, Vente sur plan<\/span><\/li><\/ul>\t\t\t\t\t\t\t\t\t\t\t\t\t\t\t<\/div><!-- item-body -->\n\n\t\t\t\t\t<\/div><!-- d-flex -->\n\t<\/div><!-- item-wrap -->\n<\/div><!-- item-listing-wrap -->\r\n\t\t\t<\/div><!-- listing-view -->\r\n\r\n\t\t\t\t\t<\/div><!-- property-grid-module -->\r\n\r\n\t\t\t\t\t\t<\/div>\n\t\t\t\t<\/div>\n\t\t\t\t<\/div>\n\t\t\t\t<\/div>\n\t\t","protected":false},"excerpt":{"rendered":"<p>DECOUVREZ FORT WEDELL \u00c0 LUXEMBOURG-GARE Trier: Ordre par d\u00e9fautPrix \u200b\u200bcroissantPrix d\u00e9croissantBiens en vedetteAnciennet\u00e9Nouveaut\u00e9 No listing found.<\/p>\n","protected":false},"author":4,"featured_media":0,"parent":602058,"menu_order":2,"comment_status":"closed","ping_status":"closed","template":"elementor_header_footer","meta":{"_acf_changed":false,"footnotes":""},"class_list":["post-602318","page","type-page","status-publish","hentry"],"acf":[],"_links":{"self":[{"href":"https:\/\/immocity.lu\/fr\/wp-json\/wp\/v2\/pages\/602318","targetHints":{"allow":["GET"]}}],"collection":[{"href":"https:\/\/immocity.lu\/fr\/wp-json\/wp\/v2\/pages"}],"about":[{"href":"https:\/\/immocity.lu\/fr\/wp-json\/wp\/v2\/types\/page"}],"author":[{"embeddable":true,"href":"https:\/\/immocity.lu\/fr\/wp-json\/wp\/v2\/users\/4"}],"replies":[{"embeddable":true,"href":"https:\/\/immocity.lu\/fr\/wp-json\/wp\/v2\/comments?post=602318"}],"version-history":[{"count":3,"href":"https:\/\/immocity.lu\/fr\/wp-json\/wp\/v2\/pages\/602318\/revisions"}],"predecessor-version":[{"id":602321,"href":"https:\/\/immocity.lu\/fr\/wp-json\/wp\/v2\/pages\/602318\/revisions\/602321"}],"up":[{"embeddable":true,"href":"https:\/\/immocity.lu\/fr\/wp-json\/wp\/v2\/pages\/602058"}],"wp:attachment":[{"href":"https:\/\/immocity.lu\/fr\/wp-json\/wp\/v2\/media?parent=602318"}],"curies":[{"name":"wp","href":"https:\/\/api.w.org\/{rel}","templated":true}]}}